{"id":8307,"date":"2023-06-21T21:04:55","date_gmt":"2023-06-21T19:04:55","guid":{"rendered":"https:\/\/www.fagace.org\/?page_id=8307"},"modified":"2024-04-03T16:45:03","modified_gmt":"2024-04-03T14:45:03","slug":"communiques-de-presse","status":"publish","type":"page","link":"https:\/\/www.fagace.org\/ar\/communiques-de-presse\/","title":{"rendered":"\u0627\u0644\u0646\u0634\u0631\u0627\u062a \u0627\u0644\u0635\u062d\u0641\u064a\u0629"},"content":{"rendered":"<p>\u0622\u062e\u0631 \u0627\u0644\u0623\u062e\u0628\u0627\u0631 \u0645\u0646 FAGACE                                <\/p>\n<h3>\n                        \u0627\u0644\u0646\u0634\u0631\u0627\u062a \u0627\u0644\u0635\u062d\u0641\u064a\u0629<br \/>\n            <\/h3>\n<p>\u062a\u0645\u0627\u0634\u064a\u0627\u064b \u0645\u0639 \u0633\u064a\u0627\u0633\u062a\u0647\u0627 \u0627\u0644\u062a\u062d\u0631\u064a\u0631\u064a\u0629\u060c \u062a\u0633\u062a\u062e\u062f\u0645 FAGACE \u0647\u0630\u0627 \u0627\u0644\u0642\u0633\u0645 \u0627\u0644\u0645\u062e\u0635\u0635 \u0644\u0644\u0628\u064a\u0627\u0646\u0627\u062a \u0627\u0644\u0635\u062d\u0641\u064a\u0629 \u0644\u062a\u0632\u0648\u064a\u062f\u0643 \u0628\u0627\u0644\u0645\u0639\u0644\u0648\u0645\u0627\u062a \u0627\u0644\u0623\u0633\u0627\u0633\u064a\u0629 \u0627\u0644\u062a\u064a \u064a\u062c\u0628 \u0623\u0646 \u062a\u0646\u0642\u0644\u0647\u0627 \u0627\u0644\u0635\u062d\u0627\u0641\u0629.<\/p>\n<style>\/*! elementor - v3.12.1 - 02-04-2023 *\/\n.elementor-widget-divider{--divider-border-style:none;--divider-border-width:1px;--divider-color:#0c0d0e;--divider-icon-size:20px;--divider-element-spacing:10px;--divider-pattern-height:24px;--divider-pattern-size:20px;--divider-pattern-url:none;--divider-pattern-repeat:repeat-x}.elementor-widget-divider .elementor-divider{display:flex}.elementor-widget-divider .elementor-divider__text{font-size:15px;line-height:1;max-width:95%}.elementor-widget-divider .elementor-divider__element{margin:0 var(--divider-element-spacing);flex-shrink:0}.elementor-widget-divider .elementor-icon{font-size:var(--divider-icon-size)}.elementor-widget-divider .elementor-divider-separator{display:flex;margin:0;direction:ltr}.elementor-widget-divider--view-line_icon .elementor-divider-separator,.elementor-widget-divider--view-line_text .elementor-divider-separator{align-items:center}.elementor-widget-divider--view-line_icon .elementor-divider-separator:after,.elementor-widget-divider--view-line_icon .elementor-divider-separator:before,.elementor-widget-divider--view-line_text .elementor-divider-separator:after,.elementor-widget-divider--view-line_text .elementor-divider-separator:before{display:block;content:\"\";border-bottom:0;flex-grow:1;border-top:var(--divider-border-width) var(--divider-border-style) var(--divider-color)}.elementor-widget-divider--element-align-left .elementor-divider .elementor-divider-separator>.elementor-divider__svg:first-of-type{flex-grow:0;flex-shrink:100}.elementor-widget-divider--element-align-left .elementor-divider-separator:before{content:none}.elementor-widget-divider--element-align-left .elementor-divider__element{margin-left:0}.elementor-widget-divider--element-align-right .elementor-divider .elementor-divider-separator>.elementor-divider__svg:last-of-type{flex-grow:0;flex-shrink:100}.elementor-widget-divider--element-align-right .elementor-divider-separator:after{content:none}.elementor-widget-divider--element-align-right .elementor-divider__element{margin-right:0}.elementor-widget-divider:not(.elementor-widget-divider--view-line_text):not(.elementor-widget-divider--view-line_icon) .elementor-divider-separator{border-top:var(--divider-border-width) var(--divider-border-style) var(--divider-color)}.elementor-widget-divider--separator-type-pattern{--divider-border-style:none}.elementor-widget-divider--separator-type-pattern.elementor-widget-divider--view-line .elementor-divider-separator,.elementor-widget-divider--separator-type-pattern:not(.elementor-widget-divider--view-line) .elementor-divider-separator:after,.elementor-widget-divider--separator-type-pattern:not(.elementor-widget-divider--view-line) .elementor-divider-separator:before,.elementor-widget-divider--separator-type-pattern:not([class*=elementor-widget-divider--view]) .elementor-divider-separator{width:100%;min-height:var(--divider-pattern-height);-webkit-mask-size:var(--divider-pattern-size) 100%;mask-size:var(--divider-pattern-size) 100%;-webkit-mask-repeat:var(--divider-pattern-repeat);mask-repeat:var(--divider-pattern-repeat);background-color:var(--divider-color);-webkit-mask-image:var(--divider-pattern-url);mask-image:var(--divider-pattern-url)}.elementor-widget-divider--no-spacing{--divider-pattern-size:auto}.elementor-widget-divider--bg-round{--divider-pattern-repeat:round}.rtl .elementor-widget-divider .elementor-divider__text{direction:rtl}.e-con-inner>.elementor-widget-divider,.e-con>.elementor-widget-divider{width:var(--container-widget-width,100%);--flex-grow:var(--container-widget-flex-grow)}<\/style>\n<ul class=\"display-posts-listing\">\n\n\n<div class=\"blog-hentry\">\n\n\n\n<article id=\"post-22419\" class=\"single-hentry archive post-22419 post type-post status-publish format-standard has-post-thumbnail hentry category-actualites-du-fagace category-communiques-de-presse\">\n    \n    <div class=\"entry-featured\">            <a href=\"https:\/\/www.fagace.org\/ar\/2026\/04\/20\/le-fagace-aux-cotes-de-la-bad-pour-repenser-le-financement-du-developpement-en-afrique\/\" style=\"background-image: url(https:\/\/www.fagace.org\/wp-content\/uploads\/2026\/04\/IMG-20260415-WA0061.jpg);\"><img loading=\"lazy\" decoding=\"async\" width=\"1080\" height=\"810\" src=\"https:\/\/www.fagace.org\/wp-content\/uploads\/2026\/04\/IMG-20260415-WA0061.jpg\" class=\"attachment-full size-full wp-post-image\" alt=\"\" srcset=\"https:\/\/www.fagace.org\/wp-content\/uploads\/2026\/04\/IMG-20260415-WA0061.jpg 1080w, https:\/\/www.fagace.org\/wp-content\/uploads\/2026\/04\/IMG-20260415-WA0061-300x225.jpg 300w, https:\/\/www.fagace.org\/wp-content\/uploads\/2026\/04\/IMG-20260415-WA0061-1024x768.jpg 1024w, https:\/\/www.fagace.org\/wp-content\/uploads\/2026\/04\/IMG-20260415-WA0061-768x576.jpg 768w, https:\/\/www.fagace.org\/wp-content\/uploads\/2026\/04\/IMG-20260415-WA0061-600x450.jpg 600w\" sizes=\"auto, (max-width: 1080px) 100vw, 1080px\" \/><\/a>\n                            <div class=\"entry-date\">\n                    <span>20<\/span>\n                    <span>Apr 26<\/span>\n                <\/div>\n                    <\/div>    <div class=\"entry-body\">\n        <div class=\"entry-holder\">\n            <h2 class=\"entry-title\">\n                <a href=\"https:\/\/www.fagace.org\/ar\/2026\/04\/20\/le-fagace-aux-cotes-de-la-bad-pour-repenser-le-financement-du-developpement-en-afrique\/\">\n                                        Le FAGACE aux c\u00f4t\u00e9s de la BAD pour repenser le financement du d\u00e9veloppement en Afrique.                <\/a>\n            <\/h2>\n                        <ul class=\"entry-meta\">\n                                                                            <\/ul>\n                    <div class=\"entry-excerpt\">\n                Le Directeur G\u00e9n\u00e9ral du Fonds Africain de Garantie et de Coop\u00e9ration Economique (FAGACE) Monsieur Ngueto Tiraina YAMBAYE, a rencontr\u00e9 le...            <\/div>\n            <div class=\"entry-readmore\">\n                <a href=\"https:\/\/www.fagace.org\/ar\/2026\/04\/20\/le-fagace-aux-cotes-de-la-bad-pour-repenser-le-financement-du-developpement-en-afrique\/\" class=\"btn-text text-gradient\">\n                    <i class=\"fac fac-angle-right\"><\/i>\n<!--                    <span>Read More <\/span>-->\n                    <span>\u0627\u0642\u0631\u0623 \u0627\u0644\u0645\u0632\u064a\u062f<\/span>\n                <\/a>\n            <\/div>\n        <\/div>\n    <\/div>\n<\/article>\n<\/div>\n \n\n \n \n \n\n\n\n<div class=\"blog-hentry\">\n\n\n\n<article id=\"post-22322\" class=\"single-hentry archive post-22322 post type-post status-publish format-standard has-post-thumbnail hentry category-actualites-du-fagace category-communiques-de-presse\">\n    \n    <div class=\"entry-featured\">            <a href=\"https:\/\/www.fagace.org\/ar\/2026\/04\/12\/lancement-de-la-3eme-promotion-du-programme-jeunes-professionnels-pjp-du-fagace\/\" style=\"background-image: url(https:\/\/www.fagace.org\/wp-content\/uploads\/2026\/04\/IMG_1098-scaled.jpg);\"><img loading=\"lazy\" decoding=\"async\" width=\"2560\" height=\"1707\" src=\"https:\/\/www.fagace.org\/wp-content\/uploads\/2026\/04\/IMG_1098-scaled.jpg\" class=\"attachment-full size-full wp-post-image\" alt=\"\" srcset=\"https:\/\/www.fagace.org\/wp-content\/uploads\/2026\/04\/IMG_1098-scaled.jpg 2560w, https:\/\/www.fagace.org\/wp-content\/uploads\/2026\/04\/IMG_1098-300x200.jpg 300w, https:\/\/www.fagace.org\/wp-content\/uploads\/2026\/04\/IMG_1098-1024x683.jpg 1024w, https:\/\/www.fagace.org\/wp-content\/uploads\/2026\/04\/IMG_1098-768x512.jpg 768w, https:\/\/www.fagace.org\/wp-content\/uploads\/2026\/04\/IMG_1098-1536x1024.jpg 1536w, https:\/\/www.fagace.org\/wp-content\/uploads\/2026\/04\/IMG_1098-2048x1365.jpg 2048w\" sizes=\"auto, (max-width: 2560px) 100vw, 2560px\" \/><\/a>\n                            <div class=\"entry-date\">\n                    <span>12<\/span>\n                    <span>Apr 26<\/span>\n                <\/div>\n                    <\/div>    <div class=\"entry-body\">\n        <div class=\"entry-holder\">\n            <h2 class=\"entry-title\">\n                <a href=\"https:\/\/www.fagace.org\/ar\/2026\/04\/12\/lancement-de-la-3eme-promotion-du-programme-jeunes-professionnels-pjp-du-fagace\/\">\n                                        Lancement de la 3\u00e8me promotion du Programme Jeunes Professionnels (PJP) du FAGACE.                <\/a>\n            <\/h2>\n                        <ul class=\"entry-meta\">\n                                                                            <\/ul>\n                    <div class=\"entry-excerpt\">\n                Le Directeur G\u00e9n\u00e9ral du Fonds Africain de Garantie et de Coop\u00e9ration Economique (FAGACE) Monsieur Ngueto Tiraina YAMBAYE, a rencontr\u00e9 le...            <\/div>\n            <div class=\"entry-readmore\">\n                <a href=\"https:\/\/www.fagace.org\/ar\/2026\/04\/12\/lancement-de-la-3eme-promotion-du-programme-jeunes-professionnels-pjp-du-fagace\/\" class=\"btn-text text-gradient\">\n                    <i class=\"fac fac-angle-right\"><\/i>\n<!--                    <span>Read More <\/span>-->\n                    <span>\u0627\u0642\u0631\u0623 \u0627\u0644\u0645\u0632\u064a\u062f<\/span>\n                <\/a>\n            <\/div>\n        <\/div>\n    <\/div>\n<\/article>\n<\/div>\n \n\n \n \n \n\n\n\n<div class=\"blog-hentry\">\n\n\n\n<article id=\"post-22309\" class=\"single-hentry archive post-22309 post type-post status-publish format-standard has-post-thumbnail hentry category-actualites-du-fagace category-communiques-de-presse\">\n    \n    <div class=\"entry-featured\">            <a href=\"https:\/\/www.fagace.org\/ar\/2026\/03\/31\/lancement-de-la-nouvelle-offre-de-garantie-wafi-a-cotonou-un-engagement-renforce-pour-lacces-des-femmes-au-financement\/\" style=\"background-image: url(https:\/\/www.fagace.org\/wp-content\/uploads\/2026\/03\/IMG-20260330-WA0154.jpg);\"><img loading=\"lazy\" decoding=\"async\" width=\"1280\" height=\"851\" src=\"https:\/\/www.fagace.org\/wp-content\/uploads\/2026\/03\/IMG-20260330-WA0154.jpg\" class=\"attachment-full size-full wp-post-image\" alt=\"\" srcset=\"https:\/\/www.fagace.org\/wp-content\/uploads\/2026\/03\/IMG-20260330-WA0154.jpg 1280w, https:\/\/www.fagace.org\/wp-content\/uploads\/2026\/03\/IMG-20260330-WA0154-300x199.jpg 300w, https:\/\/www.fagace.org\/wp-content\/uploads\/2026\/03\/IMG-20260330-WA0154-1024x681.jpg 1024w, https:\/\/www.fagace.org\/wp-content\/uploads\/2026\/03\/IMG-20260330-WA0154-768x511.jpg 768w\" sizes=\"auto, (max-width: 1280px) 100vw, 1280px\" \/><\/a>\n                            <div class=\"entry-date\">\n                    <span>31<\/span>\n                    <span>Mar 26<\/span>\n                <\/div>\n                    <\/div>    <div class=\"entry-body\">\n        <div class=\"entry-holder\">\n            <h2 class=\"entry-title\">\n                <a href=\"https:\/\/www.fagace.org\/ar\/2026\/03\/31\/lancement-de-la-nouvelle-offre-de-garantie-wafi-a-cotonou-un-engagement-renforce-pour-lacces-des-femmes-au-financement\/\">\n                                        Lancement de la nouvelle offre de garantie WAFi \u00e0 Cotonou : un engagement renforc\u00e9 pour l\u2019acc\u00e8s des femmes au financement.                <\/a>\n            <\/h2>\n                        <ul class=\"entry-meta\">\n                                                                            <\/ul>\n                    <div class=\"entry-excerpt\">\n                Le Directeur G\u00e9n\u00e9ral du Fonds Africain de Garantie et de Coop\u00e9ration Economique (FAGACE) Monsieur Ngueto Tiraina YAMBAYE, a rencontr\u00e9 le...            <\/div>\n            <div class=\"entry-readmore\">\n                <a href=\"https:\/\/www.fagace.org\/ar\/2026\/03\/31\/lancement-de-la-nouvelle-offre-de-garantie-wafi-a-cotonou-un-engagement-renforce-pour-lacces-des-femmes-au-financement\/\" class=\"btn-text text-gradient\">\n                    <i class=\"fac fac-angle-right\"><\/i>\n<!--                    <span>Read More <\/span>-->\n                    <span>\u0627\u0642\u0631\u0623 \u0627\u0644\u0645\u0632\u064a\u062f<\/span>\n                <\/a>\n            <\/div>\n        <\/div>\n    <\/div>\n<\/article>\n<\/div>\n \n\n \n \n \n\n\n\n<div class=\"blog-hentry\">\n\n\n\n<article id=\"post-22180\" class=\"single-hentry archive post-22180 post type-post status-publish format-standard hentry category-actualites-du-fagace category-communiques-de-presse\">\n    \n        <div class=\"entry-body\">\n        <div class=\"entry-holder\">\n            <h2 class=\"entry-title\">\n                <a href=\"https:\/\/www.fagace.org\/ar\/2026\/03\/14\/communique-de-presse-de-suspension-temporaire-des-stages-academiques-et-professionnels-au-fagace\/\">\n                                        \u062a\u0642\u0648\u0645 \u0634\u0631\u0643\u0629 \u0641\u0627\u063a\u0627\u0633 \u0628\u062a\u0646\u0638\u064a\u0645 \u0645\u0646\u062a\u062f\u0649 \u0627\u0644\u0627\u0633\u062a\u062b\u0645\u0627\u0631 \u0641\u064a \u0623\u0641\u0631\u064a\u0642\u064a\u0627 \u0645\u0639 \u0645\u062c\u0645\u0648\u0639\u0629 \u0648\u0627\u063a\u0627\u0633.                <\/a>\n            <\/h2>\n                        <ul class=\"entry-meta\">\n                                    <li class=\"item-date\"><i class=\"fac fac-calendar-alt\"><\/i>14 March 2026<\/li>\n                                                                            <\/ul>\n                    <div class=\"entry-excerpt\">\n                \u0627\u0644\u0635\u0646\u062f\u0648\u0642 \u0627\u0644\u0623\u0641\u0631\u064a\u0642\u064a \u0644\u0644\u0636\u0645\u0627\u0646 \u0648\u0627\u0644\u062a\u0639\u0627\u0648\u0646 \u0627\u0644\u0627\u0642\u062a\u0635\u0627\u062f\u064a (FAGACE) ...            <\/div>\n            <div class=\"entry-readmore\">\n                <a href=\"https:\/\/www.fagace.org\/ar\/2026\/03\/14\/communique-de-presse-de-suspension-temporaire-des-stages-academiques-et-professionnels-au-fagace\/\" class=\"btn-text text-gradient\">\n                    <i class=\"fac fac-angle-right\"><\/i>\n<!--                    <span>Read More <\/span>-->\n                    <span>\u0627\u0642\u0631\u0623 \u0627\u0644\u0645\u0632\u064a\u062f<\/span>\n                <\/a>\n            <\/div>\n        <\/div>\n    <\/div>\n<\/article>\n<\/div>\n \n\n \n \n \n\n\n\n<div class=\"blog-hentry\">\n\n\n\n<article id=\"post-22170\" class=\"single-hentry archive post-22170 post type-post status-publish format-standard has-post-thumbnail hentry category-actualites-du-fagace category-communiques-de-presse\">\n    \n    <div class=\"entry-featured\">            <a href=\"https:\/\/www.fagace.org\/ar\/2026\/03\/04\/le-fagace-renforce-son-ancrage-regional-une-representation-au-service-de-plusieurs-etats-membres\/\" style=\"background-image: url(https:\/\/www.fagace.org\/wp-content\/uploads\/2026\/03\/IMG-20260220-WA0110.jpg);\"><img loading=\"lazy\" decoding=\"async\" width=\"1280\" height=\"853\" src=\"https:\/\/www.fagace.org\/wp-content\/uploads\/2026\/03\/IMG-20260220-WA0110.jpg\" class=\"attachment-full size-full wp-post-image\" alt=\"\" srcset=\"https:\/\/www.fagace.org\/wp-content\/uploads\/2026\/03\/IMG-20260220-WA0110.jpg 1280w, https:\/\/www.fagace.org\/wp-content\/uploads\/2026\/03\/IMG-20260220-WA0110-300x200.jpg 300w, https:\/\/www.fagace.org\/wp-content\/uploads\/2026\/03\/IMG-20260220-WA0110-1024x682.jpg 1024w, https:\/\/www.fagace.org\/wp-content\/uploads\/2026\/03\/IMG-20260220-WA0110-768x512.jpg 768w\" sizes=\"auto, (max-width: 1280px) 100vw, 1280px\" \/><\/a>\n                            <div class=\"entry-date\">\n                    <span>04<\/span>\n                    <span>Mar 26<\/span>\n                <\/div>\n                    <\/div>    <div class=\"entry-body\">\n        <div class=\"entry-holder\">\n            <h2 class=\"entry-title\">\n                <a href=\"https:\/\/www.fagace.org\/ar\/2026\/03\/04\/le-fagace-renforce-son-ancrage-regional-une-representation-au-service-de-plusieurs-etats-membres\/\">\n                                        Le FAGACE renforce son ancrage r\u00e9gional : une repr\u00e9sentation au service de plusieurs \u00c9tats membres                <\/a>\n            <\/h2>\n                        <ul class=\"entry-meta\">\n                                                                            <\/ul>\n                    <div class=\"entry-excerpt\">\n                Le Directeur G\u00e9n\u00e9ral du Fonds Africain de Garantie et de Coop\u00e9ration Economique (FAGACE) Monsieur Ngueto Tiraina YAMBAYE, a rencontr\u00e9 le...            <\/div>\n            <div class=\"entry-readmore\">\n                <a href=\"https:\/\/www.fagace.org\/ar\/2026\/03\/04\/le-fagace-renforce-son-ancrage-regional-une-representation-au-service-de-plusieurs-etats-membres\/\" class=\"btn-text text-gradient\">\n                    <i class=\"fac fac-angle-right\"><\/i>\n<!--                    <span>Read More <\/span>-->\n                    <span>\u0627\u0642\u0631\u0623 \u0627\u0644\u0645\u0632\u064a\u062f<\/span>\n                <\/a>\n            <\/div>\n        <\/div>\n    <\/div>\n<\/article>\n<\/div>\n \n\n \n \n \n\n\n\n<div class=\"blog-hentry\">\n\n\n\n<article id=\"post-22156\" class=\"single-hentry archive post-22156 post type-post status-publish format-standard has-post-thumbnail hentry category-actualites-du-fagace category-communiques-de-presse\">\n    \n    <div class=\"entry-featured\">            <a href=\"https:\/\/www.fagace.org\/ar\/2026\/03\/04\/%f0%9d%97%9f%f0%9d%97%b2-%f0%9d%97%96%f0%9d%97%bc%f0%9d%97%bb%f0%9d%98%80%f0%9d%97%b2%f0%9d%97%b6%f0%9d%97%b9-%f0%9d%97%b1%f0%9d%97%b2%f0%9d%98%80-%f0%9d%97%9a%f0%9d%97%bc%f0%9d%98%82%f0%9d%98%83\/\" style=\"background-image: url(https:\/\/www.fagace.org\/wp-content\/uploads\/2026\/03\/IMG-20260222-WA0021.jpg);\"><img loading=\"lazy\" decoding=\"async\" width=\"1232\" height=\"816\" src=\"https:\/\/www.fagace.org\/wp-content\/uploads\/2026\/03\/IMG-20260222-WA0021.jpg\" class=\"attachment-full size-full wp-post-image\" alt=\"\" srcset=\"https:\/\/www.fagace.org\/wp-content\/uploads\/2026\/03\/IMG-20260222-WA0021.jpg 1232w, https:\/\/www.fagace.org\/wp-content\/uploads\/2026\/03\/IMG-20260222-WA0021-300x199.jpg 300w, https:\/\/www.fagace.org\/wp-content\/uploads\/2026\/03\/IMG-20260222-WA0021-1024x678.jpg 1024w, https:\/\/www.fagace.org\/wp-content\/uploads\/2026\/03\/IMG-20260222-WA0021-768x509.jpg 768w\" sizes=\"auto, (max-width: 1232px) 100vw, 1232px\" \/><\/a>\n                            <div class=\"entry-date\">\n                    <span>04<\/span>\n                    <span>Mar 26<\/span>\n                <\/div>\n                    <\/div>    <div class=\"entry-body\">\n        <div class=\"entry-holder\">\n            <h2 class=\"entry-title\">\n                <a href=\"https:\/\/www.fagace.org\/ar\/2026\/03\/04\/%f0%9d%97%9f%f0%9d%97%b2-%f0%9d%97%96%f0%9d%97%bc%f0%9d%97%bb%f0%9d%98%80%f0%9d%97%b2%f0%9d%97%b6%f0%9d%97%b9-%f0%9d%97%b1%f0%9d%97%b2%f0%9d%98%80-%f0%9d%97%9a%f0%9d%97%bc%f0%9d%98%82%f0%9d%98%83\/\">\n                                        \ud835\udddf\ud835\uddf2 \ud835\uddd6\ud835\uddfc\ud835\uddfb\ud835\ude00\ud835\uddf2\ud835\uddf6\ud835\uddf9 \ud835\uddf1\ud835\uddf2\ud835\ude00 \ud835\uddda\ud835\uddfc\ud835\ude02\ud835\ude03\ud835\uddf2\ud835\uddff\ud835\uddfb\ud835\uddf2\ud835\ude02\ud835\uddff\ud835\ude00 \ud835\uddf1\ud835\ude02 \ud835\uddd9\ud835\uddd4\ud835\uddda\ud835\uddd4\ud835\uddd6\ud835\uddd8 \ud835\ude01\ud835\uddff\ud835\uddee\ud835\uddf0\ud835\uddf2 \ud835\uddf9\ud835\uddf2\ud835\ude00 \ud835\uddfb\ud835\uddfc\ud835\ude02\ud835\ude03\ud835\uddf2\ud835\uddf9\ud835\uddf9\ud835\uddf2\ud835\ude00 \ud835\uddfc\ud835\uddff\ud835\uddf6\ud835\uddf2\ud835\uddfb\ud835\ude01\ud835\uddee\ud835\ude01\ud835\uddf6\ud835\uddfc\ud835\uddfb\ud835\ude00 \ud835\uddf1\ud835\ude02 \ud835\uddd9\ud835\uddfc\ud835\uddfb\ud835\uddf1\ud835\ude00                <\/a>\n            <\/h2>\n                        <ul class=\"entry-meta\">\n                                                                            <\/ul>\n                    <div class=\"entry-excerpt\">\n                Le Directeur G\u00e9n\u00e9ral du Fonds Africain de Garantie et de Coop\u00e9ration Economique (FAGACE) Monsieur Ngueto Tiraina YAMBAYE, a rencontr\u00e9 le...            <\/div>\n            <div class=\"entry-readmore\">\n                <a href=\"https:\/\/www.fagace.org\/ar\/2026\/03\/04\/%f0%9d%97%9f%f0%9d%97%b2-%f0%9d%97%96%f0%9d%97%bc%f0%9d%97%bb%f0%9d%98%80%f0%9d%97%b2%f0%9d%97%b6%f0%9d%97%b9-%f0%9d%97%b1%f0%9d%97%b2%f0%9d%98%80-%f0%9d%97%9a%f0%9d%97%bc%f0%9d%98%82%f0%9d%98%83\/\" class=\"btn-text text-gradient\">\n                    <i class=\"fac fac-angle-right\"><\/i>\n<!--                    <span>Read More <\/span>-->\n                    <span>\u0627\u0642\u0631\u0623 \u0627\u0644\u0645\u0632\u064a\u062f<\/span>\n                <\/a>\n            <\/div>\n        <\/div>\n    <\/div>\n<\/article>\n<\/div>\n \n\n \n \n \n\n\n\n<div class=\"blog-hentry\">\n\n\n\n<article id=\"post-22138\" class=\"single-hentry archive post-22138 post type-post status-publish format-standard hentry category-actualites-du-fagace category-communiques-de-presse\">\n    \n        <div class=\"entry-body\">\n        <div class=\"entry-holder\">\n            <h2 class=\"entry-title\">\n                <a href=\"https:\/\/www.fagace.org\/ar\/2026\/03\/03\/communique-de-presse-cachette\/\">\n                                        \u062a\u0642\u0648\u0645 \u0634\u0631\u0643\u0629 \u0641\u0627\u063a\u0627\u0633 \u0628\u062a\u0646\u0638\u064a\u0645 \u0645\u0646\u062a\u062f\u0649 \u0627\u0644\u0627\u0633\u062a\u062b\u0645\u0627\u0631 \u0641\u064a \u0623\u0641\u0631\u064a\u0642\u064a\u0627 \u0645\u0639 \u0645\u062c\u0645\u0648\u0639\u0629 \u0648\u0627\u063a\u0627\u0633.                <\/a>\n            <\/h2>\n                        <ul class=\"entry-meta\">\n                                    <li class=\"item-date\"><i class=\"fac fac-calendar-alt\"><\/i>3 March 2026<\/li>\n                                                                            <\/ul>\n                    <div class=\"entry-excerpt\">\n                \u0627\u0644\u0635\u0646\u062f\u0648\u0642 \u0627\u0644\u0623\u0641\u0631\u064a\u0642\u064a \u0644\u0644\u0636\u0645\u0627\u0646 \u0648\u0627\u0644\u062a\u0639\u0627\u0648\u0646 \u0627\u0644\u0627\u0642\u062a\u0635\u0627\u062f\u064a (FAGACE) ...            <\/div>\n            <div class=\"entry-readmore\">\n                <a href=\"https:\/\/www.fagace.org\/ar\/2026\/03\/03\/communique-de-presse-cachette\/\" class=\"btn-text text-gradient\">\n                    <i class=\"fac fac-angle-right\"><\/i>\n<!--                    <span>Read More <\/span>-->\n                    <span>\u0627\u0642\u0631\u0623 \u0627\u0644\u0645\u0632\u064a\u062f<\/span>\n                <\/a>\n            <\/div>\n        <\/div>\n    <\/div>\n<\/article>\n<\/div>\n \n\n \n \n \n\n\n\n<div class=\"blog-hentry\">\n\n\n\n<article id=\"post-22130\" class=\"single-hentry archive post-22130 post type-post status-publish format-standard has-post-thumbnail hentry category-actualites-du-fagace category-communiques-de-presse\">\n    \n    <div class=\"entry-featured\">            <a href=\"https:\/\/www.fagace.org\/ar\/2026\/03\/03\/le-fagace-au-coeur-de-linnovation-financiere-a-ouagadougou\/\" style=\"background-image: url(https:\/\/www.fagace.org\/wp-content\/uploads\/2026\/03\/PHOTO-1-1.jpg);\"><img loading=\"lazy\" decoding=\"async\" width=\"1080\" height=\"718\" src=\"https:\/\/www.fagace.org\/wp-content\/uploads\/2026\/03\/PHOTO-1-1.jpg\" class=\"attachment-full size-full wp-post-image\" alt=\"\" srcset=\"https:\/\/www.fagace.org\/wp-content\/uploads\/2026\/03\/PHOTO-1-1.jpg 1080w, https:\/\/www.fagace.org\/wp-content\/uploads\/2026\/03\/PHOTO-1-1-300x199.jpg 300w, https:\/\/www.fagace.org\/wp-content\/uploads\/2026\/03\/PHOTO-1-1-1024x681.jpg 1024w, https:\/\/www.fagace.org\/wp-content\/uploads\/2026\/03\/PHOTO-1-1-768x511.jpg 768w\" sizes=\"auto, (max-width: 1080px) 100vw, 1080px\" \/><\/a>\n                            <div class=\"entry-date\">\n                    <span>03<\/span>\n                    <span>Mar 26<\/span>\n                <\/div>\n                    <\/div>    <div class=\"entry-body\">\n        <div class=\"entry-holder\">\n            <h2 class=\"entry-title\">\n                <a href=\"https:\/\/www.fagace.org\/ar\/2026\/03\/03\/le-fagace-au-coeur-de-linnovation-financiere-a-ouagadougou\/\">\n                                        Le FAGACE au c\u0153ur de l\u2019innovation financi\u00e8re \u00e0 Ouagadougou                <\/a>\n            <\/h2>\n                        <ul class=\"entry-meta\">\n                                                                            <\/ul>\n                    <div class=\"entry-excerpt\">\n                Le Directeur G\u00e9n\u00e9ral du Fonds Africain de Garantie et de Coop\u00e9ration Economique (FAGACE) Monsieur Ngueto Tiraina YAMBAYE, a rencontr\u00e9 le...            <\/div>\n            <div class=\"entry-readmore\">\n                <a href=\"https:\/\/www.fagace.org\/ar\/2026\/03\/03\/le-fagace-au-coeur-de-linnovation-financiere-a-ouagadougou\/\" class=\"btn-text text-gradient\">\n                    <i class=\"fac fac-angle-right\"><\/i>\n<!--                    <span>Read More <\/span>-->\n                    <span>\u0627\u0642\u0631\u0623 \u0627\u0644\u0645\u0632\u064a\u062f<\/span>\n                <\/a>\n            <\/div>\n        <\/div>\n    <\/div>\n<\/article>\n<\/div>\n \n\n \n \n \n\n\n\n<div class=\"blog-hentry\">\n\n\n\n<article id=\"post-22116\" class=\"single-hentry archive post-22116 post type-post status-publish format-standard has-post-thumbnail hentry category-actualites-du-fagace category-communiques-de-presse\">\n    \n    <div class=\"entry-featured\">            <a href=\"https:\/\/www.fagace.org\/ar\/2026\/03\/03\/journees-annuelles-du-club-des-dirigeants-de-banques-et-etablissements-financiers-dafrique\/\" style=\"background-image: url(https:\/\/www.fagace.org\/wp-content\/uploads\/2026\/03\/PHOTO-1-scaled.jpg);\"><img loading=\"lazy\" decoding=\"async\" width=\"2560\" height=\"1707\" src=\"https:\/\/www.fagace.org\/wp-content\/uploads\/2026\/03\/PHOTO-1-scaled.jpg\" class=\"attachment-full size-full wp-post-image\" alt=\"\" srcset=\"https:\/\/www.fagace.org\/wp-content\/uploads\/2026\/03\/PHOTO-1-scaled.jpg 2560w, https:\/\/www.fagace.org\/wp-content\/uploads\/2026\/03\/PHOTO-1-300x200.jpg 300w, https:\/\/www.fagace.org\/wp-content\/uploads\/2026\/03\/PHOTO-1-1024x683.jpg 1024w, https:\/\/www.fagace.org\/wp-content\/uploads\/2026\/03\/PHOTO-1-768x512.jpg 768w, https:\/\/www.fagace.org\/wp-content\/uploads\/2026\/03\/PHOTO-1-1536x1024.jpg 1536w, https:\/\/www.fagace.org\/wp-content\/uploads\/2026\/03\/PHOTO-1-2048x1365.jpg 2048w\" sizes=\"auto, (max-width: 2560px) 100vw, 2560px\" \/><\/a>\n                            <div class=\"entry-date\">\n                    <span>03<\/span>\n                    <span>Mar 26<\/span>\n                <\/div>\n                    <\/div>    <div class=\"entry-body\">\n        <div class=\"entry-holder\">\n            <h2 class=\"entry-title\">\n                <a href=\"https:\/\/www.fagace.org\/ar\/2026\/03\/03\/journees-annuelles-du-club-des-dirigeants-de-banques-et-etablissements-financiers-dafrique\/\">\n                                        JOURNEES ANNUELLES DU CLUB DES DIRIGEANTS DE BANQUES ET \u00c9TABLISSEMENTS FINANCIERS D\u2019AFRIQUE                <\/a>\n            <\/h2>\n                        <ul class=\"entry-meta\">\n                                                                            <\/ul>\n                    <div class=\"entry-excerpt\">\n                Le Directeur G\u00e9n\u00e9ral du Fonds Africain de Garantie et de Coop\u00e9ration Economique (FAGACE) Monsieur Ngueto Tiraina YAMBAYE, a rencontr\u00e9 le...            <\/div>\n            <div class=\"entry-readmore\">\n                <a href=\"https:\/\/www.fagace.org\/ar\/2026\/03\/03\/journees-annuelles-du-club-des-dirigeants-de-banques-et-etablissements-financiers-dafrique\/\" class=\"btn-text text-gradient\">\n                    <i class=\"fac fac-angle-right\"><\/i>\n<!--                    <span>Read More <\/span>-->\n                    <span>\u0627\u0642\u0631\u0623 \u0627\u0644\u0645\u0632\u064a\u062f<\/span>\n                <\/a>\n            <\/div>\n        <\/div>\n    <\/div>\n<\/article>\n<\/div>\n \n\n \n \n \n\n\n\n<div class=\"blog-hentry\">\n\n\n\n<article id=\"post-22053\" class=\"single-hentry archive post-22053 post type-post status-publish format-standard has-post-thumbnail hentry category-actualites-du-fagace category-communiques-de-presse\">\n    \n    <div class=\"entry-featured\">            <a href=\"https:\/\/www.fagace.org\/ar\/2026\/02\/13\/le-fagace-partenaire-strategique-de-lafrica-transition-forum-2025-a-marrakech\/\" style=\"background-image: url(https:\/\/www.fagace.org\/wp-content\/uploads\/2026\/02\/IMG-20251127-WA0141.jpg);\"><img loading=\"lazy\" decoding=\"async\" width=\"1280\" height=\"852\" src=\"https:\/\/www.fagace.org\/wp-content\/uploads\/2026\/02\/IMG-20251127-WA0141.jpg\" class=\"attachment-full size-full wp-post-image\" alt=\"\" srcset=\"https:\/\/www.fagace.org\/wp-content\/uploads\/2026\/02\/IMG-20251127-WA0141.jpg 1280w, https:\/\/www.fagace.org\/wp-content\/uploads\/2026\/02\/IMG-20251127-WA0141-300x200.jpg 300w, https:\/\/www.fagace.org\/wp-content\/uploads\/2026\/02\/IMG-20251127-WA0141-1024x682.jpg 1024w, https:\/\/www.fagace.org\/wp-content\/uploads\/2026\/02\/IMG-20251127-WA0141-768x511.jpg 768w\" sizes=\"auto, (max-width: 1280px) 100vw, 1280px\" \/><\/a>\n                            <div class=\"entry-date\">\n                    <span>13<\/span>\n                    <span>Feb 26<\/span>\n                <\/div>\n                    <\/div>    <div class=\"entry-body\">\n        <div class=\"entry-holder\">\n            <h2 class=\"entry-title\">\n                <a href=\"https:\/\/www.fagace.org\/ar\/2026\/02\/13\/le-fagace-partenaire-strategique-de-lafrica-transition-forum-2025-a-marrakech\/\">\n                                        LE FAGACE, PARTENAIRE STRATEGIQUE DE L\u2019AFRICA TRANSITION FORUM 2025 A MARRAKECH                <\/a>\n            <\/h2>\n                        <ul class=\"entry-meta\">\n                                                                            <\/ul>\n                    <div class=\"entry-excerpt\">\n                Le Directeur G\u00e9n\u00e9ral du Fonds Africain de Garantie et de Coop\u00e9ration Economique (FAGACE) Monsieur Ngueto Tiraina YAMBAYE, a rencontr\u00e9 le...            <\/div>\n            <div class=\"entry-readmore\">\n                <a href=\"https:\/\/www.fagace.org\/ar\/2026\/02\/13\/le-fagace-partenaire-strategique-de-lafrica-transition-forum-2025-a-marrakech\/\" class=\"btn-text text-gradient\">\n                    <i class=\"fac fac-angle-right\"><\/i>\n<!--                    <span>Read More <\/span>-->\n                    <span>\u0627\u0642\u0631\u0623 \u0627\u0644\u0645\u0632\u064a\u062f<\/span>\n                <\/a>\n            <\/div>\n        <\/div>\n    <\/div>\n<\/article>\n<\/div>\n \n\n \n \n \n<\/ul><nav class=\"navigation posts-pagination\"><div class=\"posts-page-links\"><span aria-current=\"page\" class=\"page-numbers current\">1<\/span>\n<a class=\"page-numbers\" href=\"https:\/\/www.fagace.org\/ar\/wp-json\/wp\/v2\/pages\/8307\/?dps_paged=2\">2<\/a>\n<a class=\"page-numbers\" href=\"https:\/\/www.fagace.org\/ar\/wp-json\/wp\/v2\/pages\/8307\/?dps_paged=3\">3<\/a>\n<span class=\"page-numbers dots\">&hellip;<\/span>\n<a class=\"page-numbers\" href=\"https:\/\/www.fagace.org\/ar\/wp-json\/wp\/v2\/pages\/8307\/?dps_paged=13\">13<\/a>\n<a class=\"next page-numbers\" href=\"https:\/\/www.fagace.org\/ar\/wp-json\/wp\/v2\/pages\/8307\/?dps_paged=2\">Next<\/a><\/div><\/nav>\n","protected":false},"excerpt":{"rendered":"<p>\u0622\u062e\u0631 \u0627\u0644\u0623\u062e\u0628\u0627\u0631 \u0645\u0646 FAGACE \u0627\u0644\u0646\u0634\u0631\u0627\u062a \u0627\u0644\u0635\u062d\u0641\u064a\u0629 \u062a\u0645\u0627\u0634\u064a\u0627\u064b \u0645\u0639 \u0633\u064a\u0627\u0633\u062a\u0647\u0627 \u0627\u0644\u062a\u062d\u0631\u064a\u0631\u064a\u0629\u060c \u062a\u0633\u062a\u062e\u062f\u0645 FAGACE \u0647\u0630\u0627 \u0627\u0644\u0642\u0633\u0645 \u0627\u0644\u0645\u062e\u0635\u0635 \u0644\u0644\u0628\u064a\u0627\u0646\u0627\u062a \u0627\u0644\u0635\u062d\u0641\u064a\u0629 \u0644\u062a\u0632\u0648\u064a\u062f\u0643 \u0628\u0627\u0644\u0645\u0639\u0644\u0648\u0645\u0627\u062a \u0627\u0644\u0623\u0633\u0627\u0633\u064a\u0629 \u0627\u0644\u062a\u064a \u064a\u062c\u0628 \u0623\u0646 \u062a\u0646\u0642\u0644\u0647\u0627 \u0627\u0644\u0635\u062d\u0627\u0641\u0629.<\/p>\n","protected":false},"author":1,"featured_media":0,"parent":0,"menu_order":0,"comment_status":"closed","ping_status":"closed","template":"","meta":{"_themeisle_gutenberg_block_has_review":false,"footnotes":""},"class_list":["post-8307","page","type-page","status-publish","hentry"],"translation":{"provider":"WPGlobus","version":"2.10.10","language":"ar","enabled_languages":["fr","en","ar","pt"],"languages":{"fr":{"title":true,"content":true,"excerpt":false},"en":{"title":true,"content":true,"excerpt":false},"ar":{"title":true,"content":true,"excerpt":false},"pt":{"title":true,"content":true,"excerpt":false}}},"yoast_head":"<!-- This site is optimized with the Yoast SEO plugin v22.7 - https:\/\/yoast.com\/wordpress\/plugins\/seo\/ -->\n<title>\u0627\u0644\u0646\u0634\u0631\u0627\u062a \u0627\u0644\u0635\u062d\u0641\u064a\u0629 - FAGACE<\/title>\n<meta name=\"robots\" content=\"index, follow, max-snippet:-1, max-image-preview:large, max-video-preview:-1\" \/>\n<link rel=\"canonical\" href=\"https:\/\/www.fagace.org\/pt\/communiques-de-presse\/\" \/>\n<meta property=\"og:locale\" content=\"ar_AR\" \/>\n<meta property=\"og:type\" content=\"article\" \/>\n<meta property=\"og:title\" content=\"\u0627\u0644\u0646\u0634\u0631\u0627\u062a \u0627\u0644\u0635\u062d\u0641\u064a\u0629 - FAGACE\" \/>\n<meta property=\"og:url\" content=\"https:\/\/www.fagace.org\/pt\/communiques-de-presse\/\" \/>\n<meta property=\"og:site_name\" content=\"FAGACE\" \/>\n<meta property=\"article:publisher\" content=\"https:\/\/www.facebook.com\/fagaceorg\" \/>\n<meta property=\"article:modified_time\" content=\"2024-04-03T14:45:03+00:00\" \/>\n<meta name=\"twitter:card\" content=\"summary_large_image\" \/>\n<meta name=\"twitter:site\" content=\"@Fagace_Officiel\" \/>\n<meta name=\"twitter:label1\" content=\"Est. reading time\" \/>\n\t<meta name=\"twitter:data1\" content=\"1 minute\" \/>\n<script type=\"application\/ld+json\" class=\"yoast-schema-graph\">{\"@context\":\"https:\/\/schema.org\",\"@graph\":[{\"@type\":\"WebPage\",\"@id\":\"https:\/\/www.fagace.org\/pt\/communiques-de-presse\/\",\"url\":\"https:\/\/www.fagace.org\/pt\/communiques-de-presse\/\",\"name\":\"\u0627\u0644\u0646\u0634\u0631\u0627\u062a \u0627\u0644\u0635\u062d\u0641\u064a\u0629 - FAGACE\",\"isPartOf\":{\"@id\":\"https:\/\/www.fagace.org\/#website\"},\"datePublished\":\"2023-06-21T19:04:55+00:00\",\"dateModified\":\"2024-04-03T14:45:03+00:00\",\"breadcrumb\":{\"@id\":\"https:\/\/www.fagace.org\/pt\/communiques-de-presse\/#breadcrumb\"},\"inLanguage\":\"ar\",\"potentialAction\":[{\"@type\":\"ReadAction\",\"target\":[\"https:\/\/www.fagace.org\/pt\/communiques-de-presse\/\"]}]},{\"@type\":\"BreadcrumbList\",\"@id\":\"https:\/\/www.fagace.org\/pt\/communiques-de-presse\/#breadcrumb\",\"itemListElement\":[{\"@type\":\"ListItem\",\"position\":1,\"name\":\"Accueil\",\"item\":\"https:\/\/www.fagace.org\/\"},{\"@type\":\"ListItem\",\"position\":2,\"name\":\"Comunicados de imprensa\"}]},{\"@type\":\"WebSite\",\"@id\":\"https:\/\/www.fagace.org\/#website\",\"url\":\"https:\/\/www.fagace.org\/\",\"name\":\"{:fr}FAGACE{:}{:en}FAGACE{:}\",\"description\":\"\u0645\u0624\u0633\u0633\u0629 \u0645\u0627\u0644\u064a\u0629 \u0641\u064a \u062e\u062f\u0645\u0629 \u0627\u0644\u062a\u0646\u0645\u064a\u0629 \u0641\u064a \u0623\u0641\u0631\u064a\u0642\u064a\u0627\",\"publisher\":{\"@id\":\"https:\/\/www.fagace.org\/#organization\"},\"potentialAction\":[{\"@type\":\"SearchAction\",\"target\":{\"@type\":\"EntryPoint\",\"urlTemplate\":\"https:\/\/www.fagace.org\/?s={search_term_string}\"},\"query-input\":\"required name=search_term_string\"}],\"inLanguage\":\"ar\"},{\"@type\":\"Organization\",\"@id\":\"https:\/\/www.fagace.org\/#organization\",\"name\":\"{:fr}Fonds Africain de Garantie et de Coop\u00e9ration Economique{:}{:en}African Guarantee and Economic Cooperation Fund{:}\",\"url\":\"https:\/\/www.fagace.org\/\",\"logo\":{\"@type\":\"ImageObject\",\"inLanguage\":\"ar\",\"@id\":\"https:\/\/www.fagace.org\/#\/schema\/logo\/image\/\",\"url\":\"https:\/\/www.fagace.org\/wp-content\/uploads\/2024\/04\/2003.jpg\",\"contentUrl\":\"https:\/\/www.fagace.org\/wp-content\/uploads\/2024\/04\/2003.jpg\",\"width\":580,\"height\":580,\"caption\":\"{:fr}Fonds Africain de Garantie et de Coop\u00e9ration Economique{:}{:en}African Guarantee and Economic Cooperation Fund{:}\"},\"image\":{\"@id\":\"https:\/\/www.fagace.org\/#\/schema\/logo\/image\/\"},\"sameAs\":[\"https:\/\/www.facebook.com\/fagaceorg\",\"https:\/\/x.com\/Fagace_Officiel\"]}]}<\/script>\n<!-- \/ Yoast SEO plugin. -->","yoast_head_json":{"title":"\u0627\u0644\u0646\u0634\u0631\u0627\u062a \u0627\u0644\u0635\u062d\u0641\u064a\u0629 - FAGACE","robots":{"index":"index","follow":"follow","max-snippet":"max-snippet:-1","max-image-preview":"max-image-preview:large","max-video-preview":"max-video-preview:-1"},"canonical":"https:\/\/www.fagace.org\/pt\/communiques-de-presse\/","og_locale":"ar_AR","og_type":"article","og_title":"\u0627\u0644\u0646\u0634\u0631\u0627\u062a \u0627\u0644\u0635\u062d\u0641\u064a\u0629 - FAGACE","og_url":"https:\/\/www.fagace.org\/pt\/communiques-de-presse\/","og_site_name":"FAGACE","article_publisher":"https:\/\/www.facebook.com\/fagaceorg","article_modified_time":"2024-04-03T14:45:03+00:00","twitter_card":"summary_large_image","twitter_site":"@Fagace_Officiel","twitter_misc":{"Est. reading time":"1 minute"},"schema":{"@context":"https:\/\/schema.org","@graph":[{"@type":"WebPage","@id":"https:\/\/www.fagace.org\/pt\/communiques-de-presse\/","url":"https:\/\/www.fagace.org\/pt\/communiques-de-presse\/","name":"\u0627\u0644\u0646\u0634\u0631\u0627\u062a \u0627\u0644\u0635\u062d\u0641\u064a\u0629 - FAGACE","isPartOf":{"@id":"https:\/\/www.fagace.org\/#website"},"datePublished":"2023-06-21T19:04:55+00:00","dateModified":"2024-04-03T14:45:03+00:00","breadcrumb":{"@id":"https:\/\/www.fagace.org\/pt\/communiques-de-presse\/#breadcrumb"},"inLanguage":"ar","potentialAction":[{"@type":"ReadAction","target":["https:\/\/www.fagace.org\/pt\/communiques-de-presse\/"]}]},{"@type":"BreadcrumbList","@id":"https:\/\/www.fagace.org\/pt\/communiques-de-presse\/#breadcrumb","itemListElement":[{"@type":"ListItem","position":1,"name":"Accueil","item":"https:\/\/www.fagace.org\/"},{"@type":"ListItem","position":2,"name":"Comunicados de imprensa"}]},{"@type":"WebSite","@id":"https:\/\/www.fagace.org\/#website","url":"https:\/\/www.fagace.org\/","name":"{:fr}FAGACE{:}{:en}FAGACE{:}","description":"\u0645\u0624\u0633\u0633\u0629 \u0645\u0627\u0644\u064a\u0629 \u0641\u064a \u062e\u062f\u0645\u0629 \u0627\u0644\u062a\u0646\u0645\u064a\u0629 \u0641\u064a \u0623\u0641\u0631\u064a\u0642\u064a\u0627","publisher":{"@id":"https:\/\/www.fagace.org\/#organization"},"potentialAction":[{"@type":"SearchAction","target":{"@type":"EntryPoint","urlTemplate":"https:\/\/www.fagace.org\/?s={search_term_string}"},"query-input":"required name=search_term_string"}],"inLanguage":"ar"},{"@type":"Organization","@id":"https:\/\/www.fagace.org\/#organization","name":"{:fr}Fonds Africain de Garantie et de Coop\u00e9ration Economique{:}{:en}African Guarantee and Economic Cooperation Fund{:}","url":"https:\/\/www.fagace.org\/","logo":{"@type":"ImageObject","inLanguage":"ar","@id":"https:\/\/www.fagace.org\/#\/schema\/logo\/image\/","url":"https:\/\/www.fagace.org\/wp-content\/uploads\/2024\/04\/2003.jpg","contentUrl":"https:\/\/www.fagace.org\/wp-content\/uploads\/2024\/04\/2003.jpg","width":580,"height":580,"caption":"{:fr}Fonds Africain de Garantie et de Coop\u00e9ration Economique{:}{:en}African Guarantee and Economic Cooperation Fund{:}"},"image":{"@id":"https:\/\/www.fagace.org\/#\/schema\/logo\/image\/"},"sameAs":["https:\/\/www.facebook.com\/fagaceorg","https:\/\/x.com\/Fagace_Officiel"]}]}},"ticketed":false,"_links":{"self":[{"href":"https:\/\/www.fagace.org\/ar\/wp-json\/wp\/v2\/pages\/8307","targetHints":{"allow":["GET"]}}],"collection":[{"href":"https:\/\/www.fagace.org\/ar\/wp-json\/wp\/v2\/pages"}],"about":[{"href":"https:\/\/www.fagace.org\/ar\/wp-json\/wp\/v2\/types\/page"}],"author":[{"embeddable":true,"href":"https:\/\/www.fagace.org\/ar\/wp-json\/wp\/v2\/users\/1"}],"replies":[{"embeddable":true,"href":"https:\/\/www.fagace.org\/ar\/wp-json\/wp\/v2\/comments?post=8307"}],"version-history":[{"count":105,"href":"https:\/\/www.fagace.org\/ar\/wp-json\/wp\/v2\/pages\/8307\/revisions"}],"predecessor-version":[{"id":13720,"href":"https:\/\/www.fagace.org\/ar\/wp-json\/wp\/v2\/pages\/8307\/revisions\/13720"}],"wp:attachment":[{"href":"https:\/\/www.fagace.org\/ar\/wp-json\/wp\/v2\/media?parent=8307"}],"curies":[{"name":"wp","href":"https:\/\/api.w.org\/{rel}","templated":true}]}}