{"id":8463,"date":"2023-06-25T08:25:14","date_gmt":"2023-06-25T06:25:14","guid":{"rendered":"https:\/\/www.fagace.org\/?page_id=8463"},"modified":"2024-04-03T16:22:26","modified_gmt":"2024-04-03T14:22:26","slug":"interviews","status":"publish","type":"page","link":"https:\/\/www.fagace.org\/pt\/interviews\/","title":{"rendered":"Entrevistas"},"content":{"rendered":"<p>Todas as \u00faltimas not\u00edcias da FAGACE                                <\/p>\n<h3>\n                        Entrevistas<br \/>\n            <\/h3>\n<p>Leia aqui as entrevistas dadas por representantes da FAGACE em v\u00e1rias ocasi\u00f5es e eventos<\/p>\n<style>\/*! elementor - v3.12.1 - 02-04-2023 *\/\n.elementor-widget-divider{--divider-border-style:none;--divider-border-width:1px;--divider-color:#0c0d0e;--divider-icon-size:20px;--divider-element-spacing:10px;--divider-pattern-height:24px;--divider-pattern-size:20px;--divider-pattern-url:none;--divider-pattern-repeat:repeat-x}.elementor-widget-divider .elementor-divider{display:flex}.elementor-widget-divider .elementor-divider__text{font-size:15px;line-height:1;max-width:95%}.elementor-widget-divider .elementor-divider__element{margin:0 var(--divider-element-spacing);flex-shrink:0}.elementor-widget-divider .elementor-icon{font-size:var(--divider-icon-size)}.elementor-widget-divider .elementor-divider-separator{display:flex;margin:0;direction:ltr}.elementor-widget-divider--view-line_icon .elementor-divider-separator,.elementor-widget-divider--view-line_text .elementor-divider-separator{align-items:center}.elementor-widget-divider--view-line_icon .elementor-divider-separator:after,.elementor-widget-divider--view-line_icon .elementor-divider-separator:before,.elementor-widget-divider--view-line_text .elementor-divider-separator:after,.elementor-widget-divider--view-line_text .elementor-divider-separator:before{display:block;content:\"\";border-bottom:0;flex-grow:1;border-top:var(--divider-border-width) var(--divider-border-style) var(--divider-color)}.elementor-widget-divider--element-align-left .elementor-divider .elementor-divider-separator>.elementor-divider__svg:first-of-type{flex-grow:0;flex-shrink:100}.elementor-widget-divider--element-align-left .elementor-divider-separator:before{content:none}.elementor-widget-divider--element-align-left .elementor-divider__element{margin-left:0}.elementor-widget-divider--element-align-right .elementor-divider .elementor-divider-separator>.elementor-divider__svg:last-of-type{flex-grow:0;flex-shrink:100}.elementor-widget-divider--element-align-right .elementor-divider-separator:after{content:none}.elementor-widget-divider--element-align-right .elementor-divider__element{margin-right:0}.elementor-widget-divider:not(.elementor-widget-divider--view-line_text):not(.elementor-widget-divider--view-line_icon) .elementor-divider-separator{border-top:var(--divider-border-width) var(--divider-border-style) var(--divider-color)}.elementor-widget-divider--separator-type-pattern{--divider-border-style:none}.elementor-widget-divider--separator-type-pattern.elementor-widget-divider--view-line .elementor-divider-separator,.elementor-widget-divider--separator-type-pattern:not(.elementor-widget-divider--view-line) .elementor-divider-separator:after,.elementor-widget-divider--separator-type-pattern:not(.elementor-widget-divider--view-line) .elementor-divider-separator:before,.elementor-widget-divider--separator-type-pattern:not([class*=elementor-widget-divider--view]) .elementor-divider-separator{width:100%;min-height:var(--divider-pattern-height);-webkit-mask-size:var(--divider-pattern-size) 100%;mask-size:var(--divider-pattern-size) 100%;-webkit-mask-repeat:var(--divider-pattern-repeat);mask-repeat:var(--divider-pattern-repeat);background-color:var(--divider-color);-webkit-mask-image:var(--divider-pattern-url);mask-image:var(--divider-pattern-url)}.elementor-widget-divider--no-spacing{--divider-pattern-size:auto}.elementor-widget-divider--bg-round{--divider-pattern-repeat:round}.rtl .elementor-widget-divider .elementor-divider__text{direction:rtl}.e-con-inner>.elementor-widget-divider,.e-con>.elementor-widget-divider{width:var(--container-widget-width,100%);--flex-grow:var(--container-widget-flex-grow)}<\/style>\n<ul class=\"display-posts-listing\">\n\n\n<div class=\"blog-hentry\">\n\n\n\n<article id=\"post-8749\" class=\"single-hentry archive post-8749 post type-post status-publish format-standard has-post-thumbnail hentry category-interviews\">\n    \n    <div class=\"entry-featured\" style=\"min-height:150px !important; width: 20% !important;\">            <a href=\"https:\/\/www.fagace.org\/pt\/2023\/07\/06\/renforcement-du-partenariat-avec-les-banques-au-cameroun-4\/\" style=\"background-image: url(https:\/\/www.fagace.org\/wp-content\/uploads\/2023\/07\/DG-FAGACE0.jpg);\"><img loading=\"lazy\" decoding=\"async\" width=\"836\" height=\"250\" src=\"https:\/\/www.fagace.org\/wp-content\/uploads\/2023\/07\/DG-FAGACE0.jpg\" class=\"attachment-full size-full wp-post-image\" alt=\"\" srcset=\"https:\/\/www.fagace.org\/wp-content\/uploads\/2023\/07\/DG-FAGACE0.jpg 836w, https:\/\/www.fagace.org\/wp-content\/uploads\/2023\/07\/DG-FAGACE0-300x90.jpg 300w, https:\/\/www.fagace.org\/wp-content\/uploads\/2023\/07\/DG-FAGACE0-768x230.jpg 768w\" sizes=\"auto, (max-width: 836px) 100vw, 836px\" \/><\/a>\n                            <div class=\"entry-date\">\n                    <span>06<\/span>\n                    <span>Jul 23<\/span>\n                <\/div>\n                    <\/div>    <div class=\"entry-body\" style=\"width: 80% !important; \">\n        <div class=\"entry-holder\">\n            <h2 class=\"entry-title\">\n                <a href=\"https:\/\/www.fagace.org\/pt\/2023\/07\/06\/renforcement-du-partenariat-avec-les-banques-au-cameroun-4\/\">\n                                        Interview du Directeur G\u00e9n\u00e9ral du FAGACE dans PME MAGAZINE, \u00e9dition sp\u00e9ciale Banques \u2013 Finances (Mai 2018)                <\/a>\n            <\/h2>\n            \n            <div class=\"entry-excerpt\">\n                            <\/div>\n            \n        <\/div>\n    <\/div>\n<\/article>\n<\/div>\n \n\n \n \n \n\n\n\n<div class=\"blog-hentry\">\n\n\n\n<article id=\"post-10100\" class=\"single-hentry archive post-10100 post type-post status-publish format-standard has-post-thumbnail hentry category-actualites-du-fagace category-interviews\">\n    \n    <div class=\"entry-featured\" style=\"min-height:150px !important; width: 20% !important;\">            <a href=\"https:\/\/www.fagace.org\/pt\/2023\/03\/16\/interview-dg-fagace-jeune-afrique-nja3122-grand-format-benin\/\" style=\"background-image: url(https:\/\/www.fagace.org\/wp-content\/uploads\/2024\/02\/PHOTO-DG-JA-FEV-2022-860x500-1.jpg);\"><img loading=\"lazy\" decoding=\"async\" width=\"860\" height=\"500\" src=\"https:\/\/www.fagace.org\/wp-content\/uploads\/2024\/02\/PHOTO-DG-JA-FEV-2022-860x500-1.jpg\" class=\"attachment-full size-full wp-post-image\" alt=\"\" srcset=\"https:\/\/www.fagace.org\/wp-content\/uploads\/2024\/02\/PHOTO-DG-JA-FEV-2022-860x500-1.jpg 860w, https:\/\/www.fagace.org\/wp-content\/uploads\/2024\/02\/PHOTO-DG-JA-FEV-2022-860x500-1-300x174.jpg 300w, https:\/\/www.fagace.org\/wp-content\/uploads\/2024\/02\/PHOTO-DG-JA-FEV-2022-860x500-1-768x447.jpg 768w\" sizes=\"auto, (max-width: 860px) 100vw, 860px\" \/><\/a>\n                            <div class=\"entry-date\">\n                    <span>16<\/span>\n                    <span>Mar 23<\/span>\n                <\/div>\n                    <\/div>    <div class=\"entry-body\" style=\"width: 80% !important; \">\n        <div class=\"entry-holder\">\n            <h2 class=\"entry-title\">\n                <a href=\"https:\/\/www.fagace.org\/pt\/2023\/03\/16\/interview-dg-fagace-jeune-afrique-nja3122-grand-format-benin\/\">\n                                        ENTREVISTA DG FAGACE &#8211; JEUNE AFRIQUE N\u00b0JA3122 GRANDE FORMATO BENIN                <\/a>\n            <\/h2>\n            \n            <div class=\"entry-excerpt\">\n                Le Fonds Africain de Garantie et de Coop\u00e9ration \u00c9conomique (FAGACE), dont le si\u00e8ge est \u00e0 Cotonou au B\u00e9nin, est une...            <\/div>\n            \n        <\/div>\n    <\/div>\n<\/article>\n<\/div>\n \n\n \n \n \n\n\n\n<div class=\"blog-hentry\">\n\n\n\n<article id=\"post-10626\" class=\"single-hentry archive post-10626 post type-post status-publish format-standard has-post-thumbnail hentry category-actualites-du-fagace category-interviews\">\n    \n    <div class=\"entry-featured\" style=\"min-height:150px !important; width: 20% !important;\">            <a href=\"https:\/\/www.fagace.org\/pt\/2022\/02\/18\/communication-du-fagace-dans-le-magazine-jeune-afrique-n3109-de-fevrier-2022-sur-le-45eme-anniversaire-du-fonds\/\" style=\"background-image: url(https:\/\/www.fagace.org\/wp-content\/uploads\/2024\/02\/PHOTO-DG-JA-FEV-2022-860x500-2.jpg);\"><img loading=\"lazy\" decoding=\"async\" width=\"860\" height=\"500\" src=\"https:\/\/www.fagace.org\/wp-content\/uploads\/2024\/02\/PHOTO-DG-JA-FEV-2022-860x500-2.jpg\" class=\"attachment-full size-full wp-post-image\" alt=\"\" srcset=\"https:\/\/www.fagace.org\/wp-content\/uploads\/2024\/02\/PHOTO-DG-JA-FEV-2022-860x500-2.jpg 860w, https:\/\/www.fagace.org\/wp-content\/uploads\/2024\/02\/PHOTO-DG-JA-FEV-2022-860x500-2-300x174.jpg 300w, https:\/\/www.fagace.org\/wp-content\/uploads\/2024\/02\/PHOTO-DG-JA-FEV-2022-860x500-2-768x447.jpg 768w\" sizes=\"auto, (max-width: 860px) 100vw, 860px\" \/><\/a>\n                            <div class=\"entry-date\">\n                    <span>18<\/span>\n                    <span>Feb 22<\/span>\n                <\/div>\n                    <\/div>    <div class=\"entry-body\" style=\"width: 80% !important; \">\n        <div class=\"entry-holder\">\n            <h2 class=\"entry-title\">\n                <a href=\"https:\/\/www.fagace.org\/pt\/2022\/02\/18\/communication-du-fagace-dans-le-magazine-jeune-afrique-n3109-de-fevrier-2022-sur-le-45eme-anniversaire-du-fonds\/\">\n                                        COMUNICA\u00c7\u00c3O DA FAGACE NA REVISTA JEUNE AFRIQUE N\u00b03109 DE FEVEREIRO DE 2022 SOBRE O 45\u00ba ANIVERS\u00c1RIO DO FUNDO                <\/a>\n            <\/h2>\n            \n            <div class=\"entry-excerpt\">\n                ...            <\/div>\n            \n        <\/div>\n    <\/div>\n<\/article>\n<\/div>\n \n\n \n \n \n\n\n\n<div class=\"blog-hentry\">\n\n\n\n<article id=\"post-10704\" class=\"single-hentry archive post-10704 post type-post status-publish format-standard has-post-thumbnail hentry category-actualites-du-fagace category-interviews\">\n    \n    <div class=\"entry-featured\" style=\"min-height:150px !important; width: 20% !important;\">            <a href=\"https:\/\/www.fagace.org\/pt\/2021\/09\/08\/interview-du-directeur-general-du-fagace-dans-le-journal-leconomiste-du-15-juillet-2021\/\" style=\"background-image: url(https:\/\/www.fagace.org\/wp-content\/uploads\/2024\/02\/1P-FAGACE-860x500-1.png);\"><img loading=\"lazy\" decoding=\"async\" width=\"860\" height=\"500\" src=\"https:\/\/www.fagace.org\/wp-content\/uploads\/2024\/02\/1P-FAGACE-860x500-1.png\" class=\"attachment-full size-full wp-post-image\" alt=\"\" srcset=\"https:\/\/www.fagace.org\/wp-content\/uploads\/2024\/02\/1P-FAGACE-860x500-1.png 860w, https:\/\/www.fagace.org\/wp-content\/uploads\/2024\/02\/1P-FAGACE-860x500-1-300x174.png 300w, https:\/\/www.fagace.org\/wp-content\/uploads\/2024\/02\/1P-FAGACE-860x500-1-768x447.png 768w\" sizes=\"auto, (max-width: 860px) 100vw, 860px\" \/><\/a>\n                            <div class=\"entry-date\">\n                    <span>08<\/span>\n                    <span>Sep 21<\/span>\n                <\/div>\n                    <\/div>    <div class=\"entry-body\" style=\"width: 80% !important; \">\n        <div class=\"entry-holder\">\n            <h2 class=\"entry-title\">\n                <a href=\"https:\/\/www.fagace.org\/pt\/2021\/09\/08\/interview-du-directeur-general-du-fagace-dans-le-journal-leconomiste-du-15-juillet-2021\/\">\n                                        ENTREVISTA COM O DIRECTOR-GERAL DA FAGACE NO JORNAL L&#8217;ECONOMISTE DE 15 DE JULHO DE 2021                <\/a>\n            <\/h2>\n            \n            <div class=\"entry-excerpt\">\n                O Fonds Africain de Garantie et de Coop\u00e9ration Economique (FAGACE) \u00e9 um fundo...            <\/div>\n            \n        <\/div>\n    <\/div>\n<\/article>\n<\/div>\n \n\n \n \n \n\n\n\n<div class=\"blog-hentry\">\n\n\n\n<article id=\"post-10710\" class=\"single-hentry archive post-10710 post type-post status-publish format-standard has-post-thumbnail hentry category-actualites-du-fagace category-interviews\">\n    \n    <div class=\"entry-featured\" style=\"min-height:150px !important; width: 20% !important;\">            <a href=\"https:\/\/www.fagace.org\/pt\/2021\/09\/02\/interview-du-directeur-general-du-fagace-dans-le-quotidien-burkinabe-sidwaya-n9457-du-20-aout-2021\/\" style=\"background-image: url(https:\/\/www.fagace.org\/wp-content\/uploads\/2024\/02\/1P-FAGACE-860x500-1.png);\"><img loading=\"lazy\" decoding=\"async\" width=\"860\" height=\"500\" src=\"https:\/\/www.fagace.org\/wp-content\/uploads\/2024\/02\/1P-FAGACE-860x500-1.png\" class=\"attachment-full size-full wp-post-image\" alt=\"\" srcset=\"https:\/\/www.fagace.org\/wp-content\/uploads\/2024\/02\/1P-FAGACE-860x500-1.png 860w, https:\/\/www.fagace.org\/wp-content\/uploads\/2024\/02\/1P-FAGACE-860x500-1-300x174.png 300w, https:\/\/www.fagace.org\/wp-content\/uploads\/2024\/02\/1P-FAGACE-860x500-1-768x447.png 768w\" sizes=\"auto, (max-width: 860px) 100vw, 860px\" \/><\/a>\n                            <div class=\"entry-date\">\n                    <span>02<\/span>\n                    <span>Sep 21<\/span>\n                <\/div>\n                    <\/div>    <div class=\"entry-body\" style=\"width: 80% !important; \">\n        <div class=\"entry-holder\">\n            <h2 class=\"entry-title\">\n                <a href=\"https:\/\/www.fagace.org\/pt\/2021\/09\/02\/interview-du-directeur-general-du-fagace-dans-le-quotidien-burkinabe-sidwaya-n9457-du-20-aout-2021\/\">\n                                        ENTREVISTA COM O DIRECTOR-GERAL DA FAGACE NO DI\u00c1RIO BURKINABE SIDWAYA N9457 DE 20 DE AGOSTO DE 2021                <\/a>\n            <\/h2>\n            \n            <div class=\"entry-excerpt\">\n                Antes de mais, gostaria de vos agradecer o vosso interesse pela nossa institui\u00e7\u00e3o, a...            <\/div>\n            \n        <\/div>\n    <\/div>\n<\/article>\n<\/div>\n \n\n \n \n \n\n\n\n<div class=\"blog-hentry\">\n\n\n\n<article id=\"post-10835\" class=\"single-hentry archive post-10835 post type-post status-publish format-standard has-post-thumbnail hentry category-actualites-du-fagace category-interviews\">\n    \n    <div class=\"entry-featured\" style=\"min-height:150px !important; width: 20% !important;\">            <a href=\"https:\/\/www.fagace.org\/pt\/2021\/02\/01\/interview-de-monsieur-ngueto-tiraina-yambaye-directeur-general-du-fagace-dans-jeune-afrique-n-3097-de-fevrier-2021\/\" style=\"background-image: url(https:\/\/www.fagace.org\/wp-content\/uploads\/2024\/02\/Interview-DG-FAGACE-dans-Jeune-Afrique-N\u00b0-3097-de-Fevrier-2021-860x500-1.png);\"><img loading=\"lazy\" decoding=\"async\" width=\"860\" height=\"500\" src=\"https:\/\/www.fagace.org\/wp-content\/uploads\/2024\/02\/Interview-DG-FAGACE-dans-Jeune-Afrique-N\u00b0-3097-de-Fevrier-2021-860x500-1.png\" class=\"attachment-full size-full wp-post-image\" alt=\"\" srcset=\"https:\/\/www.fagace.org\/wp-content\/uploads\/2024\/02\/Interview-DG-FAGACE-dans-Jeune-Afrique-N\u00b0-3097-de-Fevrier-2021-860x500-1.png 860w, https:\/\/www.fagace.org\/wp-content\/uploads\/2024\/02\/Interview-DG-FAGACE-dans-Jeune-Afrique-N\u00b0-3097-de-Fevrier-2021-860x500-1-300x174.png 300w, https:\/\/www.fagace.org\/wp-content\/uploads\/2024\/02\/Interview-DG-FAGACE-dans-Jeune-Afrique-N\u00b0-3097-de-Fevrier-2021-860x500-1-768x447.png 768w\" sizes=\"auto, (max-width: 860px) 100vw, 860px\" \/><\/a>\n                            <div class=\"entry-date\">\n                    <span>01<\/span>\n                    <span>Feb 21<\/span>\n                <\/div>\n                    <\/div>    <div class=\"entry-body\" style=\"width: 80% !important; \">\n        <div class=\"entry-holder\">\n            <h2 class=\"entry-title\">\n                <a href=\"https:\/\/www.fagace.org\/pt\/2021\/02\/01\/interview-de-monsieur-ngueto-tiraina-yambaye-directeur-general-du-fagace-dans-jeune-afrique-n-3097-de-fevrier-2021\/\">\n                                        Entrevista com o Sr. Ngwetu Tiraina Yambay, Diretor-Geral da Funda\u00e7\u00e3o Fagas na revista Jeune Afrique n\u00famero 3097 de fevereiro de 2021                <\/a>\n            <\/h2>\n            \n            <div class=\"entry-excerpt\">\n                ...            <\/div>\n            \n        <\/div>\n    <\/div>\n<\/article>\n<\/div>\n \n\n \n \n \n\n\n\n<div class=\"blog-hentry\">\n\n\n\n<article id=\"post-9921\" class=\"single-hentry archive post-9921 post type-post status-publish format-standard has-post-thumbnail hentry category-actualites-du-fagace category-interviews\">\n    \n    <div class=\"entry-featured\" style=\"min-height:150px !important; width: 20% !important;\">            <a href=\"https:\/\/www.fagace.org\/pt\/2018\/10\/04\/interview-du-directeur-general-du-fagace-dans-jeune-afrique-magazine-edition-de-octobre-2018\/\" style=\"background-image: url(https:\/\/www.fagace.org\/wp-content\/uploads\/2024\/02\/1P-FAGACE-1160x512-1.png);\"><img loading=\"lazy\" decoding=\"async\" width=\"1160\" height=\"512\" src=\"https:\/\/www.fagace.org\/wp-content\/uploads\/2024\/02\/1P-FAGACE-1160x512-1.png\" class=\"attachment-full size-full wp-post-image\" alt=\"\" srcset=\"https:\/\/www.fagace.org\/wp-content\/uploads\/2024\/02\/1P-FAGACE-1160x512-1.png 1160w, https:\/\/www.fagace.org\/wp-content\/uploads\/2024\/02\/1P-FAGACE-1160x512-1-300x132.png 300w, https:\/\/www.fagace.org\/wp-content\/uploads\/2024\/02\/1P-FAGACE-1160x512-1-1024x452.png 1024w, https:\/\/www.fagace.org\/wp-content\/uploads\/2024\/02\/1P-FAGACE-1160x512-1-768x339.png 768w\" sizes=\"auto, (max-width: 1160px) 100vw, 1160px\" \/><\/a>\n                            <div class=\"entry-date\">\n                    <span>04<\/span>\n                    <span>Oct 18<\/span>\n                <\/div>\n                    <\/div>    <div class=\"entry-body\" style=\"width: 80% !important; \">\n        <div class=\"entry-holder\">\n            <h2 class=\"entry-title\">\n                <a href=\"https:\/\/www.fagace.org\/pt\/2018\/10\/04\/interview-du-directeur-general-du-fagace-dans-jeune-afrique-magazine-edition-de-octobre-2018\/\">\n                                        ENTREVISTA COM O DIRECTOR-GERAL DA FAGACE NA REVISTA JEUNE AFRIQUE, EDI\u00c7\u00c3O DE OUTUBRO DE 2018                <\/a>\n            <\/h2>\n            \n            <div class=\"entry-excerpt\">\n                Com mais de 15 anos de experi\u00eancia profissional nos sectores banc\u00e1rio, financeiro e econ\u00f3mico, onde ocupou v\u00e1rios cargos de responsabilidade, a perita da Costa do Marfim ...            <\/div>\n            \n        <\/div>\n    <\/div>\n<\/article>\n<\/div>\n \n\n \n \n \n\n\n\n<div class=\"blog-hentry\">\n\n\n\n<article id=\"post-10420\" class=\"single-hentry archive post-10420 post type-post status-publish format-standard has-post-thumbnail hentry category-actualites-du-fagace category-interviews\">\n    \n    <div class=\"entry-featured\" style=\"min-height:150px !important; width: 20% !important;\">            <a href=\"https:\/\/www.fagace.org\/pt\/2017\/11\/30\/le-fagace-mise-sur-les-pme\/\" style=\"background-image: url(https:\/\/www.fagace.org\/wp-content\/uploads\/2024\/02\/fanta_coulibaly.jpg);\"><img loading=\"lazy\" decoding=\"async\" width=\"592\" height=\"296\" src=\"https:\/\/www.fagace.org\/wp-content\/uploads\/2024\/02\/fanta_coulibaly.jpg\" class=\"attachment-full size-full wp-post-image\" alt=\"\" srcset=\"https:\/\/www.fagace.org\/wp-content\/uploads\/2024\/02\/fanta_coulibaly.jpg 592w, https:\/\/www.fagace.org\/wp-content\/uploads\/2024\/02\/fanta_coulibaly-300x150.jpg 300w\" sizes=\"auto, (max-width: 592px) 100vw, 592px\" \/><\/a>\n                            <div class=\"entry-date\">\n                    <span>30<\/span>\n                    <span>Nov 17<\/span>\n                <\/div>\n                    <\/div>    <div class=\"entry-body\" style=\"width: 80% !important; \">\n        <div class=\"entry-holder\">\n            <h2 class=\"entry-title\">\n                <a href=\"https:\/\/www.fagace.org\/pt\/2017\/11\/30\/le-fagace-mise-sur-les-pme\/\">\n                                        A FAGACE CENTRA-SE NAS PME                <\/a>\n            <\/h2>\n            \n            <div class=\"entry-excerpt\">\n                Ap\u00f3s quarenta anos de apoio ao investimento p\u00fablico, o Fonds Africain de Garantie et de Coop\u00e9ration \u00c9conomique (FAGACE) est\u00e1 a mudar de...            <\/div>\n            \n        <\/div>\n    <\/div>\n<\/article>\n<\/div>\n \n\n \n \n \n\n\n\n<div class=\"blog-hentry\">\n\n\n\n<article id=\"post-13805\" class=\"single-hentry archive post-13805 post type-post status-publish format-standard has-post-thumbnail hentry category-interviews\">\n    \n    <div class=\"entry-featured\" style=\"min-height:150px !important; width: 20% !important;\">            <a href=\"https:\/\/www.fagace.org\/pt\/2017\/08\/12\/interview-accordee-a-jeune-afrique-par-m-henri-marie-dondra\/\" style=\"background-image: url(https:\/\/www.fagace.org\/wp-content\/uploads\/2023\/04\/photo-de-couverture.jpg);\"><img loading=\"lazy\" decoding=\"async\" width=\"960\" height=\"540\" src=\"https:\/\/www.fagace.org\/wp-content\/uploads\/2023\/04\/photo-de-couverture.jpg\" class=\"attachment-full size-full wp-post-image\" alt=\"\" srcset=\"https:\/\/www.fagace.org\/wp-content\/uploads\/2023\/04\/photo-de-couverture.jpg 960w, https:\/\/www.fagace.org\/wp-content\/uploads\/2023\/04\/photo-de-couverture-300x169.jpg 300w, https:\/\/www.fagace.org\/wp-content\/uploads\/2023\/04\/photo-de-couverture-768x432.jpg 768w, https:\/\/www.fagace.org\/wp-content\/uploads\/2023\/04\/photo-de-couverture-600x338.jpg 600w\" sizes=\"auto, (max-width: 960px) 100vw, 960px\" \/><\/a>\n                            <div class=\"entry-date\">\n                    <span>12<\/span>\n                    <span>Aug 17<\/span>\n                <\/div>\n                    <\/div>    <div class=\"entry-body\" style=\"width: 80% !important; \">\n        <div class=\"entry-holder\">\n            <h2 class=\"entry-title\">\n                <a href=\"https:\/\/www.fagace.org\/pt\/2017\/08\/12\/interview-accordee-a-jeune-afrique-par-m-henri-marie-dondra\/\">\n                                        ENTREVISTA CONCEDIDA A JEUNE AFRIQUE PELO SR. HENRI-MARIE DONDRA                <\/a>\n            <\/h2>\n            \n            <div class=\"entry-excerpt\">\n                UM PARCEIRO ESTRAT\u00c9GICO PARA O FINANCIAMENTO DO DESENVOLVIMENTO EM \u00c1FRICA P1: Senhor Henri Marie DONDRA, \u00e9 o Diretor-Geral do FAGACE, pode falar-nos um pouco sobre esta institui\u00e7\u00e3o pan-africana? HMD: Antes [&hellip;]            <\/div>\n            \n        <\/div>\n    <\/div>\n<\/article>\n<\/div>\n \n\n \n \n \n<\/ul>\n","protected":false},"excerpt":{"rendered":"<p>Todas as \u00faltimas not\u00edcias da FAGACE Entrevistas Leia aqui as entrevistas dadas por representantes da FAGACE em v\u00e1rias ocasi\u00f5es e eventos<\/p>\n","protected":false},"author":1,"featured_media":0,"parent":0,"menu_order":0,"comment_status":"closed","ping_status":"closed","template":"","meta":{"_themeisle_gutenberg_block_has_review":false,"footnotes":""},"class_list":["post-8463","page","type-page","status-publish","hentry"],"translation":{"provider":"WPGlobus","version":"2.10.10","language":"pt","enabled_languages":["fr","en","ar","pt"],"languages":{"fr":{"title":true,"content":true,"excerpt":false},"en":{"title":true,"content":true,"excerpt":false},"ar":{"title":true,"content":true,"excerpt":false},"pt":{"title":true,"content":true,"excerpt":false}}},"yoast_head":"<!-- This site is optimized with the Yoast SEO plugin v22.7 - https:\/\/yoast.com\/wordpress\/plugins\/seo\/ -->\n<title>Entrevistas - FAGACE<\/title>\n<meta name=\"robots\" content=\"index, follow, max-snippet:-1, max-image-preview:large, max-video-preview:-1\" \/>\n<link rel=\"canonical\" href=\"https:\/\/www.fagace.org\/interviews\/\" \/>\n<meta property=\"og:locale\" content=\"pt_PT\" \/>\n<meta property=\"og:type\" content=\"article\" \/>\n<meta property=\"og:title\" content=\"Entrevistas - FAGACE\" \/>\n<meta property=\"og:url\" content=\"https:\/\/www.fagace.org\/interviews\/\" \/>\n<meta property=\"og:site_name\" content=\"FAGACE\" \/>\n<meta property=\"article:publisher\" content=\"https:\/\/www.facebook.com\/fagaceorg\" \/>\n<meta property=\"article:modified_time\" content=\"2024-04-03T14:22:26+00:00\" \/>\n<meta name=\"twitter:card\" content=\"summary_large_image\" \/>\n<meta name=\"twitter:site\" content=\"@Fagace_Officiel\" \/>\n<meta name=\"twitter:label1\" content=\"Est. reading time\" \/>\n\t<meta name=\"twitter:data1\" content=\"1 minute\" \/>\n<script type=\"application\/ld+json\" class=\"yoast-schema-graph\">{\"@context\":\"https:\/\/schema.org\",\"@graph\":[{\"@type\":\"WebPage\",\"@id\":\"https:\/\/www.fagace.org\/interviews\/\",\"url\":\"https:\/\/www.fagace.org\/interviews\/\",\"name\":\"Entrevistas - FAGACE\",\"isPartOf\":{\"@id\":\"https:\/\/www.fagace.org\/#website\"},\"datePublished\":\"2023-06-25T06:25:14+00:00\",\"dateModified\":\"2024-04-03T14:22:26+00:00\",\"breadcrumb\":{\"@id\":\"https:\/\/www.fagace.org\/interviews\/#breadcrumb\"},\"inLanguage\":\"pt-PT\",\"potentialAction\":[{\"@type\":\"ReadAction\",\"target\":[\"https:\/\/www.fagace.org\/interviews\/\"]}]},{\"@type\":\"BreadcrumbList\",\"@id\":\"https:\/\/www.fagace.org\/interviews\/#breadcrumb\",\"itemListElement\":[{\"@type\":\"ListItem\",\"position\":1,\"name\":\"Accueil\",\"item\":\"https:\/\/www.fagace.org\/\"},{\"@type\":\"ListItem\",\"position\":2,\"name\":\"Interviews\"}]},{\"@type\":\"WebSite\",\"@id\":\"https:\/\/www.fagace.org\/#website\",\"url\":\"https:\/\/www.fagace.org\/\",\"name\":\"{:fr}FAGACE{:}{:en}FAGACE{:}\",\"description\":\"Uma institui\u00e7\u00e3o financeira ao servi\u00e7o do desenvolvimento em \u00c1frica\",\"publisher\":{\"@id\":\"https:\/\/www.fagace.org\/#organization\"},\"potentialAction\":[{\"@type\":\"SearchAction\",\"target\":{\"@type\":\"EntryPoint\",\"urlTemplate\":\"https:\/\/www.fagace.org\/?s={search_term_string}\"},\"query-input\":\"required name=search_term_string\"}],\"inLanguage\":\"pt-PT\"},{\"@type\":\"Organization\",\"@id\":\"https:\/\/www.fagace.org\/#organization\",\"name\":\"{:fr}Fonds Africain de Garantie et de Coop\u00e9ration Economique{:}{:en}African Guarantee and Economic Cooperation Fund{:}\",\"url\":\"https:\/\/www.fagace.org\/\",\"logo\":{\"@type\":\"ImageObject\",\"inLanguage\":\"pt-PT\",\"@id\":\"https:\/\/www.fagace.org\/#\/schema\/logo\/image\/\",\"url\":\"https:\/\/www.fagace.org\/wp-content\/uploads\/2024\/04\/2003.jpg\",\"contentUrl\":\"https:\/\/www.fagace.org\/wp-content\/uploads\/2024\/04\/2003.jpg\",\"width\":580,\"height\":580,\"caption\":\"{:fr}Fonds Africain de Garantie et de Coop\u00e9ration Economique{:}{:en}African Guarantee and Economic Cooperation Fund{:}\"},\"image\":{\"@id\":\"https:\/\/www.fagace.org\/#\/schema\/logo\/image\/\"},\"sameAs\":[\"https:\/\/www.facebook.com\/fagaceorg\",\"https:\/\/x.com\/Fagace_Officiel\"]}]}<\/script>\n<!-- \/ Yoast SEO plugin. -->","yoast_head_json":{"title":"Entrevistas - FAGACE","robots":{"index":"index","follow":"follow","max-snippet":"max-snippet:-1","max-image-preview":"max-image-preview:large","max-video-preview":"max-video-preview:-1"},"canonical":"https:\/\/www.fagace.org\/interviews\/","og_locale":"pt_PT","og_type":"article","og_title":"Entrevistas - FAGACE","og_url":"https:\/\/www.fagace.org\/interviews\/","og_site_name":"FAGACE","article_publisher":"https:\/\/www.facebook.com\/fagaceorg","article_modified_time":"2024-04-03T14:22:26+00:00","twitter_card":"summary_large_image","twitter_site":"@Fagace_Officiel","twitter_misc":{"Est. reading time":"1 minute"},"schema":{"@context":"https:\/\/schema.org","@graph":[{"@type":"WebPage","@id":"https:\/\/www.fagace.org\/interviews\/","url":"https:\/\/www.fagace.org\/interviews\/","name":"Entrevistas - FAGACE","isPartOf":{"@id":"https:\/\/www.fagace.org\/#website"},"datePublished":"2023-06-25T06:25:14+00:00","dateModified":"2024-04-03T14:22:26+00:00","breadcrumb":{"@id":"https:\/\/www.fagace.org\/interviews\/#breadcrumb"},"inLanguage":"pt-PT","potentialAction":[{"@type":"ReadAction","target":["https:\/\/www.fagace.org\/interviews\/"]}]},{"@type":"BreadcrumbList","@id":"https:\/\/www.fagace.org\/interviews\/#breadcrumb","itemListElement":[{"@type":"ListItem","position":1,"name":"Accueil","item":"https:\/\/www.fagace.org\/"},{"@type":"ListItem","position":2,"name":"Interviews"}]},{"@type":"WebSite","@id":"https:\/\/www.fagace.org\/#website","url":"https:\/\/www.fagace.org\/","name":"{:fr}FAGACE{:}{:en}FAGACE{:}","description":"Uma institui\u00e7\u00e3o financeira ao servi\u00e7o do desenvolvimento em \u00c1frica","publisher":{"@id":"https:\/\/www.fagace.org\/#organization"},"potentialAction":[{"@type":"SearchAction","target":{"@type":"EntryPoint","urlTemplate":"https:\/\/www.fagace.org\/?s={search_term_string}"},"query-input":"required name=search_term_string"}],"inLanguage":"pt-PT"},{"@type":"Organization","@id":"https:\/\/www.fagace.org\/#organization","name":"{:fr}Fonds Africain de Garantie et de Coop\u00e9ration Economique{:}{:en}African Guarantee and Economic Cooperation Fund{:}","url":"https:\/\/www.fagace.org\/","logo":{"@type":"ImageObject","inLanguage":"pt-PT","@id":"https:\/\/www.fagace.org\/#\/schema\/logo\/image\/","url":"https:\/\/www.fagace.org\/wp-content\/uploads\/2024\/04\/2003.jpg","contentUrl":"https:\/\/www.fagace.org\/wp-content\/uploads\/2024\/04\/2003.jpg","width":580,"height":580,"caption":"{:fr}Fonds Africain de Garantie et de Coop\u00e9ration Economique{:}{:en}African Guarantee and Economic Cooperation Fund{:}"},"image":{"@id":"https:\/\/www.fagace.org\/#\/schema\/logo\/image\/"},"sameAs":["https:\/\/www.facebook.com\/fagaceorg","https:\/\/x.com\/Fagace_Officiel"]}]}},"ticketed":false,"_links":{"self":[{"href":"https:\/\/www.fagace.org\/pt\/wp-json\/wp\/v2\/pages\/8463","targetHints":{"allow":["GET"]}}],"collection":[{"href":"https:\/\/www.fagace.org\/pt\/wp-json\/wp\/v2\/pages"}],"about":[{"href":"https:\/\/www.fagace.org\/pt\/wp-json\/wp\/v2\/types\/page"}],"author":[{"embeddable":true,"href":"https:\/\/www.fagace.org\/pt\/wp-json\/wp\/v2\/users\/1"}],"replies":[{"embeddable":true,"href":"https:\/\/www.fagace.org\/pt\/wp-json\/wp\/v2\/comments?post=8463"}],"version-history":[{"count":52,"href":"https:\/\/www.fagace.org\/pt\/wp-json\/wp\/v2\/pages\/8463\/revisions"}],"predecessor-version":[{"id":13612,"href":"https:\/\/www.fagace.org\/pt\/wp-json\/wp\/v2\/pages\/8463\/revisions\/13612"}],"wp:attachment":[{"href":"https:\/\/www.fagace.org\/pt\/wp-json\/wp\/v2\/media?parent=8463"}],"curies":[{"name":"wp","href":"https:\/\/api.w.org\/{rel}","templated":true}]}}